{"id":9462,"date":"2026-04-29T14:42:15","date_gmt":"2026-04-29T12:42:15","guid":{"rendered":"https:\/\/landhotel-altes-zollhaus.com\/?post_type=events&#038;p=9462"},"modified":"2026-04-29T14:55:00","modified_gmt":"2026-04-29T12:55:00","slug":"buchinger-fasten-mit-marion-wessing-02-08-07-08-26","status":"publish","type":"events","link":"https:\/\/landhotel-altes-zollhaus.com\/en\/events\/buchinger-fasten-mit-marion-wessing-02-08-07-08-26\/","title":{"rendered":"Buchinger Fasten mit Marion Wessing"},"content":{"rendered":"<div data-elementor-type=\"wp-post\" data-elementor-id=\"9462\" class=\"elementor elementor-9462\" data-elementor-post-type=\"events\">\n\t\t\t\t<div class=\"elementor-element elementor-element-4306513a e-flex e-con-boxed e-con e-parent\" data-id=\"4306513a\" data-element_type=\"container\" data-e-type=\"container\">\n\t\t\t\t\t<div class=\"e-con-inner\">\n\t\t\t\t<div class=\"elementor-element elementor-element-3a47aea5 elementor-widget elementor-widget-text-editor\" data-id=\"3a47aea5\" data-element_type=\"widget\" data-e-type=\"widget\" data-widget_type=\"text-editor.default\">\n\t\t\t\t<div class=\"elementor-widget-container\">\n\t\t\t\t\t\t\t\t\t<h3><strong>Buchinger Fasten mit Marion<\/strong><\/h3>\n<h6><em>Fasten mit allen Sinnen \u2013 eine bewusste Auszeit f\u00fcr K\u00f6rper und Geist<\/em><\/h6>\n<p><strong>6 Tage \/ 5 N\u00e4chte<\/strong><br><strong>Anreise:<\/strong>&nbsp;Sonntag<br><strong>Zeitraum:<\/strong> 02.08.2026 \u2013 08.08.2026<\/p>\n<p>Alle weiteren Termine mit Marion finden Sie in unserer Event\u00fcbersicht.<\/p>\n<p>Im Landhotel Altes Zollhaus erwartet Sie eine besondere Form des Fastens: <strong>Buchinger Fasten mit Marion Wessing<\/strong>, begleitet von viel Erfahrung, Achtsamkeit und einem feinen Gesp\u00fcr f\u00fcr die Bed\u00fcrfnisse jedes Einzelnen.<\/p>\n<p>Marion begleitet Sie durch diese Woche nicht nur fachlich kompetent, sondern auch mit viel Ruhe, Klarheit und pers\u00f6nlicher N\u00e4he. Ihr Ansatz verbindet <strong>klassisches Buchinger Fasten mit moderner Ern\u00e4hrungslehre, Bewegung und mentaler Entspannung<\/strong> \u2013 f\u00fcr eine ganzheitliche Erfahrung, die nachhaltig wirkt.<\/p>\n<h3><strong>Fasten mit allen Sinnen \u2013 was Sie erwartet<\/strong><\/h3>\n<p>Diese Fastenwoche ist weit mehr als der Verzicht auf feste Nahrung. Gemeinsam mit Marion erleben Sie eine Zeit, in der sich K\u00f6rper und Geist neu ausrichten d\u00fcrfen.<\/p>\n<p>Sanfte Bewegung am Morgen, achtsame Wanderungen durch die W\u00e4lder rund um das Zollhaus und wohltuende Ruhephasen schaffen einen nat\u00fcrlichen Rhythmus, der Sie tr\u00e4gt.<\/p>\n<p>Dabei steht immer eines im Mittelpunkt:<br><img decoding=\"async\" class=\"emoji\" role=\"img\" draggable=\"false\" src=\"https:\/\/s.w.org\/images\/core\/emoji\/17.0.2\/svg\/1f449.svg\" alt=\"\ud83d\udc49\"> <strong>zur Ruhe kommen, loslassen und neue Energie aufbauen<\/strong><\/p>\n<h3><strong>Leistungen &amp; Inhalte der Fastenwoche<\/strong><\/h3>\n<p>W\u00e4hrend Ihrer Fastenzeit werden Sie rund um die Uhr von Marion begleitet. Sie profitieren von einer intensiven Betreuung und einem klar strukturierten Programm:<\/p>\n<ul>\n<li>\n<p>Vorbereitung auf die Fastentage inkl. pers\u00f6nlicher Unterst\u00fctzung<\/p>\n<\/li>\n<li>\n<p>Individuelle Einf\u00fchrung in das Buchinger Fasten<\/p>\n<\/li>\n<li>\n<p>T\u00e4gliche Begleitung und Austausch in der Gruppe<\/p>\n<\/li>\n<li>\n<p>Aktivierende Morgenimpulse und sanfte Gymnastik<\/p>\n<\/li>\n<li>\n<p>Gef\u00fchrte Wanderungen mit Achtsamkeit und Elementen des Waldbadens<\/p>\n<\/li>\n<li>\n<p>Vortr\u00e4ge rund um den Fastenstoffwechsel und gesunde Ern\u00e4hrung<\/p>\n<\/li>\n<li>\n<p>Entspannungs\u00fcbungen, Meditationen und mentale Impulse<\/p>\n<\/li>\n<li>\n<p>Unterst\u00fctzung des K\u00f6rpers durch bew\u00e4hrte fastenbegleitende Anwendungen<\/p>\n<\/li>\n<li>\n<p>Raum f\u00fcr pers\u00f6nliche Themen und individuelle Gespr\u00e4che<\/p>\n<\/li>\n<li>\n<p>Begleitung der Aufbautage f\u00fcr nachhaltige Ergebnisse<\/p>\n<\/li>\n<\/ul>\n<p>Erg\u00e4nzt wird das Programm durch die besondere Atmosph\u00e4re unseres Hauses \u2013 mit Natur, Stille und einem Ort, der wie geschaffen ist f\u00fcr eine bewusste Auszeit.<\/p>\n<h3><strong>Ein Ort, der das Fasten unterst\u00fctzt<\/strong><\/h3>\n<p>Das Zollhaus bietet ideale Voraussetzungen f\u00fcr Ihre Fastenreise.<br>Direkt am Waldrand gelegen, laden unsere Wege zu t\u00e4glichen Spazierg\u00e4ngen und Wanderungen ein. Die klare Luft, die Ruhe und die nat\u00fcrliche Umgebung wirken unterst\u00fctzend auf den gesamten Fastenprozess.<\/p>\n<p>Auch unser Wellnessbereich mit Sauna sorgt f\u00fcr zus\u00e4tzliche Entspannung und Regeneration w\u00e4hrend Ihrer Fastenzeit.<\/p>\n<h3><strong>\u00dcber Marion Wessing<\/strong><\/h3>\n<p>Marion ist Diplom-Oecotrophologin und zertifizierte Ern\u00e4hrungsberaterin mit langj\u00e4hriger Erfahrung. Ihre Arbeit verbindet wissenschaftliches Wissen mit einem ganzheitlichen Blick auf den Menschen.<\/p>\n<p>F\u00fcr Marion bedeutet Fasten mehr als Verzicht \u2013 es ist eine M\u00f6glichkeit, <strong>k\u00f6rperliche Entlastung mit mentaler Klarheit zu verbinden<\/strong>. In ihren Kursen schafft sie einen gesch\u00fctzten Raum, in dem Sie sich selbst wieder n\u00e4herkommen k\u00f6nnen.<\/p>\n<h3><strong>F\u00fcr wen ist diese Fastenwoche geeignet?<\/strong><\/h3>\n<p>Dieses Angebot richtet sich an alle, die:<\/p>\n<ul>\n<li>\n<p>bewusst eine Pause vom Alltag suchen<\/p>\n<\/li>\n<li>\n<p>ihren K\u00f6rper entlasten und neue Energie gewinnen m\u00f6chten<\/p>\n<\/li>\n<li>\n<p>Interesse an Buchinger Fasten haben<\/p>\n<\/li>\n<li>\n<p>sich eine pers\u00f6nliche und achtsame Begleitung w\u00fcnschen<\/p><\/li><\/ul>\n<h3><strong>Jetzt Ihre Fastenreise buchen<\/strong><\/h3>\n<p>Erleben Sie mit Marion eine besondere Fastenwoche im Zollhaus \u2013 ruhig, klar und nachhaltig.<\/p>\n<p><img decoding=\"async\" class=\"emoji\" role=\"img\" draggable=\"false\" src=\"https:\/\/s.w.org\/images\/core\/emoji\/17.0.2\/svg\/1f449.svg\" alt=\"\ud83d\udc49\"> Sichern Sie sich jetzt Ihren Platz und g\u00f6nnen Sie sich eine bewusste Auszeit f\u00fcr K\u00f6rper, Geist und Seele.<\/p>\n<p><\/p>\n<p><a href=\"https:\/\/landhotel-altes-zollhaus.com\/en\/buchinger-fasten-erzgebirge\/\">Weitere Buchinger-Fasten-Angebote finden Sie hier<\/a><\/p>\t\t\t\t\t\t\t\t<\/div>\n\t\t\t\t<\/div>\n\t\t\t\t\t<\/div>\n\t\t\t\t<\/div>\n\t\t\t\t<\/div>","protected":false},"featured_media":0,"template":"","categories":[214],"tags":[194,182],"class_list":["post-9462","events","type-events","status-publish","hentry","category-buchinger-fasten","tag-194","tag-august"],"acf":{"photo_gallery":{"foto_gallerie":[[]]}},"_links":{"self":[{"href":"https:\/\/landhotel-altes-zollhaus.com\/en\/wp-json\/wp\/v2\/events\/9462","targetHints":{"allow":["GET"]}}],"collection":[{"href":"https:\/\/landhotel-altes-zollhaus.com\/en\/wp-json\/wp\/v2\/events"}],"about":[{"href":"https:\/\/landhotel-altes-zollhaus.com\/en\/wp-json\/wp\/v2\/types\/events"}],"version-history":[{"count":4,"href":"https:\/\/landhotel-altes-zollhaus.com\/en\/wp-json\/wp\/v2\/events\/9462\/revisions"}],"predecessor-version":[{"id":9469,"href":"https:\/\/landhotel-altes-zollhaus.com\/en\/wp-json\/wp\/v2\/events\/9462\/revisions\/9469"}],"wp:attachment":[{"href":"https:\/\/landhotel-altes-zollhaus.com\/en\/wp-json\/wp\/v2\/media?parent=9462"}],"wp:term":[{"taxonomy":"category","embeddable":true,"href":"https:\/\/landhotel-altes-zollhaus.com\/en\/wp-json\/wp\/v2\/categories?post=9462"},{"taxonomy":"post_tag","embeddable":true,"href":"https:\/\/landhotel-altes-zollhaus.com\/en\/wp-json\/wp\/v2\/tags?post=9462"}],"curies":[{"name":"wp","href":"https:\/\/api.w.org\/{rel}","templated":true}]}}